{"id":957,"date":"2023-01-24T15:32:44","date_gmt":"2023-01-24T14:32:44","guid":{"rendered":"http:\/\/aqtilog.fr\/?page_id=957"},"modified":"2023-03-29T11:26:57","modified_gmt":"2023-03-29T09:26:57","slug":"infra","status":"publish","type":"page","link":"https:\/\/aqtilog.fr\/index.php\/infra\/","title":{"rendered":"Infra"},"content":{"rendered":"\n<div style=\"height:22px\" aria-hidden=\"true\" class=\"wp-block-spacer\"><\/div>\n\n\n\n<div class=\"wp-block-columns image_radius7 tuile has-background is-layout-flex wp-container-core-columns-is-layout-9d6595d7 wp-block-columns-is-layout-flex\" style=\"background:linear-gradient(135deg,rgb(3,75,130) 0%,rgb(40,154,252) 100%)\">\n<div class=\"wp-block-column is-layout-flow wp-block-column-is-layout-flow\" style=\"flex-basis:100%\">\n<div class=\"wp-block-columns is-layout-flex wp-container-core-columns-is-layout-9d6595d7 wp-block-columns-is-layout-flex\">\n<div class=\"wp-block-column is-layout-flow wp-block-column-is-layout-flow\" style=\"flex-basis:100%\">\n<h3 class=\"has-text-align-left has-nv-site-bg-color has-text-color wp-block-heading\">Du mat\u00e9riel performant adapt\u00e9 \u00e0 votre PME<\/h3>\n\n\n\n<p class=\"has-text-align-left has-nv-site-bg-color has-text-color\">Gr\u00e2ce \u00e0 des partenariats solides avec des fabricants reconnus pour leur fiabilit\u00e9, nous optimisons votre budget. Notre souci en terme environnemental nous pousse \u00e0 choisir de produits durables et plus \u00e9conomiques sur la dur\u00e9e garantissant \u00e0 nos clients un usage performant sur le long terme tout en prenant soin de minimiser leur budget.<\/p>\n<\/div>\n<\/div>\n<\/div>\n<\/div>\n\n\n\n<p><strong>Mat\u00e9riel propos\u00e9 :<\/strong><\/p>\n\n\n\n<p><\/p>\n\n\n\n<div class=\"wp-block-columns is-layout-flex wp-container-core-columns-is-layout-9d6595d7 wp-block-columns-is-layout-flex\">\n<div class=\"wp-block-column is-layout-flow wp-block-column-is-layout-flow\" style=\"flex-basis:40%\">\n<p class=\"has-black-color has-text-color\"><i class=\"fas fa-square-check\"><\/i> Performance<br><i class=\"fas fa-square-check\"><\/i> Fiabilit\u00e9<br><i class=\"fas fa-square-check\"><\/i> Mobilit\u00e9 <br><i class=\"fas fa-square-check\"><\/i> Accessibilit\u00e9 <br><i class=\"fas fa-square-check\"><\/i> Centralisation des donn\u00e9es<br><i class=\"fas fa-square-check\"><\/i> S\u00e9curisation \/ Sauvegarde <br><i class=\"fas fa-square-check\"><\/i> Clich\u00e9s instantann\u00e9s<br><i class=\"fas fa-square-check\"><\/i> Politique de gestion des droits <br><i class=\"fas fa-square-check\"><\/i> Simplification de la gestion de parc <br><i class=\"fas fa-square-check\"><\/i> Veille technologique<br><\/p>\n\n\n\n<p><\/p>\n<\/div>\n\n\n\n<div class=\"wp-block-column is-layout-flow wp-block-column-is-layout-flow\" style=\"flex-basis:60%\">\n<figure class=\"wp-block-image size-full\"><img loading=\"lazy\" decoding=\"async\" width=\"640\" height=\"427\" src=\"https:\/\/aqtilog.fr\/wp-content\/uploads\/2023\/01\/server-g4c9f283e9_640.jpg\" alt=\"\" class=\"wp-image-983\" srcset=\"https:\/\/aqtilog.fr\/wp-content\/uploads\/2023\/01\/server-g4c9f283e9_640.jpg 640w, https:\/\/aqtilog.fr\/wp-content\/uploads\/2023\/01\/server-g4c9f283e9_640-300x200.jpg 300w\" sizes=\"auto, (max-width: 640px) 100vw, 640px\" \/><\/figure>\n<\/div>\n<\/div>\n\n\n\n<div style=\"height:34px\" aria-hidden=\"true\" class=\"wp-block-spacer\"><\/div>\n\n\n\n<p class=\"has-medium-font-size\"><strong>Les plus mat\u00e9riel avec votre partenaire Aqtilog<\/strong><\/p>\n\n\n\n<div class=\"wp-block-columns is-layout-flex wp-container-core-columns-is-layout-9d6595d7 wp-block-columns-is-layout-flex\">\n<div class=\"wp-block-column tuile_just img_radius7 is-layout-flow wp-block-column-is-layout-flow\"><div class=\"wp-block-image\">\n<figure class=\"aligncenter size-full\"><img loading=\"lazy\" decoding=\"async\" width=\"48\" height=\"48\" src=\"https:\/\/aqtilog.fr\/wp-content\/uploads\/2022\/10\/one.png\" alt=\"\" class=\"wp-image-578\"\/><\/figure>\n<\/div>\n\n\n<p><strong><a href=\"https:\/\/aqtilog.fr\/index.php\/projets\/\">Une solution adapt\u00e9e \u00e0 vos besoins<\/a><\/strong><br>Notre \u00e9quipe vous accompagnera tout au long de votre projet.<\/p>\n<\/div>\n\n\n\n<div class=\"wp-block-column tuile_just img_radius7 is-layout-flow wp-block-column-is-layout-flow\"><div class=\"wp-block-image\">\n<figure class=\"aligncenter size-full\"><img loading=\"lazy\" decoding=\"async\" width=\"48\" height=\"48\" src=\"https:\/\/aqtilog.fr\/wp-content\/uploads\/2022\/10\/formation.png\" alt=\"\" class=\"wp-image-580\"\/><\/figure>\n<\/div>\n\n\n<p><strong><a href=\"https:\/\/aqtilog.fr\/index.php\/formation\/\">Formation<\/a><\/strong><br>Aqtilog, accr\u00e9dit\u00e9 Qualiopi, apportera \u00e0 vos \u00e9quipe une formation de qualit\u00e9 personnalis\u00e9e<\/p>\n<\/div>\n\n\n\n<div class=\"wp-block-column tuile_just img_radius7 is-layout-flow wp-block-column-is-layout-flow\"><div class=\"wp-block-image\">\n<figure class=\"aligncenter size-full\"><img loading=\"lazy\" decoding=\"async\" width=\"48\" height=\"48\" src=\"https:\/\/aqtilog.fr\/wp-content\/uploads\/2022\/10\/casque.png\" alt=\"\" class=\"wp-image-581\"\/><\/figure>\n<\/div>\n\n\n<p><strong><a href=\"https:\/\/aqtilog.fr\/index.php\/hotline\/\">Hotline<\/a><\/strong><br>Un service Hotline \u00e0 vos c\u00f4t\u00e9s au quotidien.<\/p>\n<\/div>\n<\/div>\n\n\n\n<p class=\"has-medium-font-size\">Pour aller plus loin<\/p>\n\n\n\n<div class=\"wp-block-columns is-layout-flex wp-container-core-columns-is-layout-9d6595d7 wp-block-columns-is-layout-flex\">\n<div class=\"wp-block-column tuile_just img_radius7 is-layout-flow wp-block-column-is-layout-flow\">\n<p><strong><mark style=\"background-color:rgba(0, 0, 0, 0)\" class=\"has-inline-color has-neve-link-color-color\">Cybers\u00e9curit\u00e9 ?<\/mark><\/strong><br><br>La cybers\u00e9curit\u00e9 est la pratique qui consiste \u00e0 prot\u00e9ger les syst\u00e8mes critiques et les informations sensibles contre les attaques num\u00e9riques. \u00c9galement appel\u00e9es s\u00e9curit\u00e9 des technologies de l&rsquo;information (IT), les mesures de cybers\u00e9curit\u00e9 visent \u00e0 lutter contre les menaces qui p\u00e8sent sur les syst\u00e8mes et les applications en r\u00e9seau, qu&rsquo;elles proviennent de l&rsquo;int\u00e9rieur ou de l&rsquo;ext\u00e9rieur d&rsquo;une entreprise.t.&nbsp;<\/p>\n<\/div>\n\n\n\n<div class=\"wp-block-column tuile_just img_radius7 is-layout-flow wp-block-column-is-layout-flow\">\n<p><strong><mark style=\"background-color:rgba(0, 0, 0, 0)\" class=\"has-inline-color has-neve-link-color-color\">Sauvegarde de vos donn\u00e9es<\/mark><\/strong><br><br>Les sauvegardes de donn\u00e9es de votre entreprise doivent \u00eatre aussi s\u00fbres que dans un coffre-fort, et vous devez \u00eatre s\u00fbr qu&rsquo;en cas de sinistre, vous serez en mesure de r\u00e9cup\u00e9rer vos donn\u00e9es dans un court laps de temps, et votre entreprise reprendra ses activit\u00e9s comme si Il ne s&rsquo;est rien pass\u00e9. C&rsquo;est ce qu&rsquo;une bonne strat\u00e9gie de sauvegarde, associ\u00e9e \u00e0 un bon ensemble d&rsquo;outils de sauvegarde, doit fournir.<\/p>\n<\/div>\n\n\n\n<div class=\"wp-block-column tuile_just img_radius7 is-layout-flow wp-block-column-is-layout-flow\">\n<p><strong><mark style=\"background-color:rgba(0, 0, 0, 0)\" class=\"has-inline-color has-neve-link-color-color\">Veille technologique<\/mark><\/strong><br><br>La veille technologique et informatique est indispensable pour toutes les entreprises ! Des tendances, innovations et nouvelles m\u00e9thodes \u00e9mergent constamment. Si vous voulez conserver vos clients, tout en d\u00e9passant la concurrence, vous devez surveiller les \u00e9volutions technologiques.<\/p>\n<\/div>\n<\/div>\n\n\n\n<div class=\"wp-block-cover alignfull is-light\" style=\"min-height:88px;aspect-ratio:unset;\"><span aria-hidden=\"true\" class=\"wp-block-cover__background has-background-dim-100 has-background-dim has-background-gradient has-pale-ocean-gradient-background\"><\/span><div class=\"wp-block-cover__inner-container is-layout-flow wp-block-cover-is-layout-flow\">\n<div style=\"height:22px\" aria-hidden=\"true\" class=\"wp-block-spacer\"><\/div>\n\n\n\n<h3 class=\"has-text-align-center wp-block-heading\">Contactez-nous : <a href=\"https:\/\/aqtilog.fr\/index.php\/15c42-web-agency-gb-contact-us\/\">formulaire de contact<\/a><\/h3>\n<\/div><\/div>\n\n\n\n<div style=\"height:14px\" aria-hidden=\"true\" class=\"wp-block-spacer\"><\/div>\n","protected":false},"excerpt":{"rendered":"<p>Du mat\u00e9riel performant adapt\u00e9 \u00e0 votre PME Gr\u00e2ce \u00e0 des partenariats solides avec des fabricants reconnus pour leur fiabilit\u00e9, nous optimisons votre budget. Notre souci en terme environnemental nous pousse \u00e0 choisir de produits durables et plus \u00e9conomiques sur la dur\u00e9e garantissant \u00e0 nos clients un usage performant sur le long terme tout en prenant&hellip;&nbsp;<a href=\"https:\/\/aqtilog.fr\/index.php\/infra\/\" class=\"\" rel=\"bookmark\">Lire la suite &raquo;<span class=\"screen-reader-text\">Infra<\/span><\/a><\/p>\n","protected":false},"author":3,"featured_media":0,"parent":0,"menu_order":0,"comment_status":"closed","ping_status":"closed","template":"","meta":{"neve_meta_sidebar":"","neve_meta_container":"","neve_meta_enable_content_width":"","neve_meta_content_width":0,"neve_meta_title_alignment":"","neve_meta_author_avatar":"","neve_post_elements_order":"","neve_meta_disable_header":"","neve_meta_disable_footer":"","neve_meta_disable_title":"off","footnotes":""},"class_list":["post-957","page","type-page","status-publish","hentry"],"_links":{"self":[{"href":"https:\/\/aqtilog.fr\/index.php\/wp-json\/wp\/v2\/pages\/957","targetHints":{"allow":["GET"]}}],"collection":[{"href":"https:\/\/aqtilog.fr\/index.php\/wp-json\/wp\/v2\/pages"}],"about":[{"href":"https:\/\/aqtilog.fr\/index.php\/wp-json\/wp\/v2\/types\/page"}],"author":[{"embeddable":true,"href":"https:\/\/aqtilog.fr\/index.php\/wp-json\/wp\/v2\/users\/3"}],"replies":[{"embeddable":true,"href":"https:\/\/aqtilog.fr\/index.php\/wp-json\/wp\/v2\/comments?post=957"}],"version-history":[{"count":8,"href":"https:\/\/aqtilog.fr\/index.php\/wp-json\/wp\/v2\/pages\/957\/revisions"}],"predecessor-version":[{"id":1513,"href":"https:\/\/aqtilog.fr\/index.php\/wp-json\/wp\/v2\/pages\/957\/revisions\/1513"}],"wp:attachment":[{"href":"https:\/\/aqtilog.fr\/index.php\/wp-json\/wp\/v2\/media?parent=957"}],"curies":[{"name":"wp","href":"https:\/\/api.w.org\/{rel}","templated":true}]}}